{"id":6727,"date":"2022-02-20T22:22:11","date_gmt":"2022-02-20T22:22:11","guid":{"rendered":"https:\/\/interlojistik.com.tr\/en\/?page_id=6727"},"modified":"2022-02-20T22:22:11","modified_gmt":"2022-02-20T22:22:11","slug":"danimarka-uluslararasi-nakliyat","status":"publish","type":"page","link":"https:\/\/interlojistik.com.tr\/en\/danimarka-uluslararasi-nakliyat","title":{"rendered":"Danimarka Uluslararas\u0131 Nakliyat"},"content":{"rendered":"<div class=\"pageTitle\">\n<h1>Danimarka\u2019ya Ta\u015f\u0131nmak<\/h1>\n<\/div>\n<div class=\"pageContent mb-5\">\n<p>Danimarka, Kuzey Avrupa\u2019da bulunan bir \u0130skandinav \u00fclkesidir. Ancak bu \u00fclkeler aras\u0131nda en k\u00fc\u00e7\u00fck olan\u0131d\u0131r. Danimarka\u2019ya ta\u015f\u0131nmak konusunda bir fikriniz varsa bu a\u015famada her an \u0130nter Nakliyat deste\u011fi ile hayallerinizi ger\u00e7ekle\u015ftirebilirsiniz. Firmam\u0131z 20 y\u0131l\u0131n \u00fczerinde bir s\u00fcredir verdi\u011fi nakliye hizmetiyle sizlere Danimarka i\u00e7inde istedi\u011finiz her b\u00f6lgeye ula\u015ft\u0131rmaktad\u0131r.<br \/>\nYurtd\u0131\u015f\u0131nda bir \u00fclkeye ta\u015f\u0131nmak, yurti\u00e7i s\u00fcre\u00e7lerden daha farkl\u0131d\u0131r. Bu y\u00fczden Danimarka\u2019ya ta\u015f\u0131nmaya karar verdi\u011finiz anda hemen bizimle ileti\u015fime ge\u00e7in ve uzman ekiplerimizden t\u00fcm s\u00fcre\u00e7 hakk\u0131nda ayr\u0131nt\u0131l\u0131 bilgi al\u0131n. Danimarka da Avrupa Birli\u011fi \u00fcyesi bir \u00fclkedir. Bu y\u00fczden vize ba\u015fvurusu Schengen Vizesi \u015fartlar\u0131na g\u00f6re yap\u0131lacakt\u0131r. Bu \u00fclkede oturma izni ve vize alabilmek i\u00e7in gerekli t\u00fcm evraklar sizlere m\u00fc\u015fteri hizmetleri departman\u0131m\u0131z taraf\u0131ndan iletilecektir. \u0130nter Nakiyat ile Avrupa\u2019da istedi\u011finiz \u00fclkeye kolayca ta\u015f\u0131n\u0131n.<\/p>\n<p><img decoding=\"async\" class=\"img-fluid my-3\" title=\"danimarkada ya\u015famak\" src=\"http:\/\/eski.interlojistik.com.tr\/view\/img\/hizmet-bolge\/denmark-01.jpg\" alt=\"danimarkada ya\u015famak\" \/><\/div>\n<div class=\"pageGray\">\n<div class=\"pageTitle\">\n<h1>T\u00fcrkiye\u2019den Danimarka\u2019ya Ta\u015f\u0131nmak<\/h1>\n<\/div>\n<div class=\"p-2\">\n<ul class=\"checkmark\">\n<li style=\"list-style-type: none;\">\n<ul class=\"checkmark\">\n<li>\u0130nter Lojistik olarak bizler T\u00fcrkiye\u2019den Danimarka\u2019ya ta\u015f\u0131nmak isteyenler i\u00e7in uzman ekibimizle kaliteli bir hizmet veriyoruz. Firmam\u0131z uluslararas\u0131 ta\u015f\u0131ma i\u015flemlerinde gerek tecr\u00fcbesiyle gerek kulland\u0131\u011f\u0131 ara\u00e7 filosuyla gerekse de geni\u015f hizmet a\u011f\u0131yla en kaliteli hizmeti sunmaktad\u0131r. Danimarka\u2019daki lojistik alt yap\u0131m\u0131z ve ortakl\u0131k anla\u015fmalar\u0131m\u0131z sayesinde ta\u015f\u0131ma i\u015fleminin tamam\u0131 \u0130nter Lojistik Grup ekiplerinde y\u00fcr\u00fct\u00fclmektedir. Firmam\u0131z\u0131n t\u00fcm personelleri alan\u0131nda e\u011fitimlerini tamamlam\u0131\u015f uzman ekiplerden meydana gelmektedir.<\/li>\n<li>Ta\u015f\u0131nma i\u015flemi s\u0131ras\u0131nda en \u00f6nemli detay g\u00fcmr\u00fckleme ve paketlemedir. Firmam\u0131z t\u00fcm e\u015fyalar\u0131n\u0131z\u0131 uluslararas\u0131 kurallar uygun \u015fekilde g\u00fcmr\u00fcklemektedir. Ayr\u0131ca e\u015fyalar\u0131n\u0131z\u0131n paketlemesi de kullanaca\u011f\u0131n\u0131z y\u00f6nteme g\u00f6re de\u011fi\u015fmektedir. Ekiplerimiz e\u015fyalar\u0131n demontaj ve montaj i\u015flemlerinden kullan\u0131lan paketleme malzemesine kadar t\u00fcm s\u00fcre\u00e7leri b\u00fcy\u00fck bir profesyonellik i\u00e7inde y\u00fcr\u00fctecektir.<\/li>\n<li>Danimarka\u2019ya ta\u015f\u0131n\u0131rken bir s\u00fcre e\u015fyalar\u0131n\u0131z\u0131n saklanmas\u0131 gerekebilir. \u0130\u015fte bu s\u00fcre\u00e7te sizlere \u0130nter Lojistik a\u011f\u0131 yard\u0131mc\u0131 olacakt\u0131r. hem T\u00fcrkiye hem de Danimarka\u2019daki \u00e7a\u011f\u0131n \u015fartlar\u0131na uygun depolar\u0131m\u0131z sayesinde sizler de saklama alan\u0131 konusunda sorun ya\u015famazs\u0131n\u0131z. Ayr\u0131ca e\u015fyalar\u0131n\u0131z t\u00fcm ta\u015f\u0131ma s\u00fcresince sigorta \u015firketi taraf\u0131ndan garanti alt\u0131na al\u0131nmaktad\u0131r. Bizimle \u00f6zel e\u015fyalar\u0131n\u0131z\u0131 da ta\u015f\u0131yabilirsiniz.<\/li>\n<\/ul>\n<\/li>\n<\/ul>\n<p><img decoding=\"async\" class=\"img-fluid my-3\" title=\"danimarkaya ta\u015f\u0131nmak\" src=\"http:\/\/eski.interlojistik.com.tr\/view\/img\/hizmet-bolge\/denmark-02.jpg\" alt=\"danimarkaya ta\u015f\u0131nmak\" \/><\/div>\n<\/div>\n<div class=\"mt-5\"><\/div>\n<div class=\"pageTitle\">\n<h2 class=\"fw-bold\">Danimarka\u2019da Ya\u015fam<\/h2>\n<\/div>\n<p>Danimarka; T\u00fcrkiye ile kar\u015f\u0131la\u015ft\u0131rd\u0131\u011f\u0131n\u0131zda ekonomik ve sosyal hayat olarak \u00e7ok daha geli\u015fmi\u015f bir \u00fclkedir. Bu \u00fclkede Avrupa\u2019n\u0131n en sakin ve en geli\u015fmi\u015f \u015fehirlerini ve kasabalar\u0131n\u0131 bulabilirsiniz. \u00dclkede ya\u015fam standartlar\u0131 Avrupa\u2019n\u0131n en y\u00fcksek seviyelerindedir. Ayr\u0131ca sakinlik ve su\u00e7 oran\u0131 bak\u0131m\u0131ndan da d\u00fcnyan\u0131n say\u0131l\u0131 \u00fclkeleri aras\u0131ndad\u0131r. Danimarka\u2019da ya\u015famak sizlere Avrupa\u2019n\u0131n bir\u00e7ok yerine kolayca ula\u015fma ve sosyal etkinlikler konusunda da b\u00fcy\u00fck kolayl\u0131klar sa\u011flayacakt\u0131r. Bu \u00fclkenin tek olumsuz yan\u0131 so\u011fuk olmas\u0131d\u0131r. \u0130skandinav \u00fclkelerinde y\u0131l\u0131n b\u00fcy\u00fck b\u00f6l\u00fcm\u00fc so\u011fuk ge\u00e7mektedir. Bu \u00fclke y\u00fczy\u0131llard\u0131r insanlar\u0131n bar\u0131\u015f i\u00e7inde ya\u015fad\u0131\u011f\u0131 ve birbirini anlad\u0131\u011f\u0131 bir \u00fclke olarak \u00fcn yapm\u0131\u015ft\u0131r. Sizler de bu \u00fclkede ya\u015fad\u0131\u011f\u0131n\u0131zda sa\u011fl\u0131k ve sosyal haklardan yararlanabilirsiniz.<br \/>\nDanimarka genel olarak \u00e7evre \u00fclkelerden ziyaret\u00e7iler kabul etmektedir. Ancak say\u0131lar\u0131 az da olsa farkl\u0131 \u00fclkelerden gelen insanlar da \u00e7e\u015fitli sebeplerle buraya yerle\u015fmektedir. Bu \u00fclkeye son y\u0131llarda T\u00fcrkiye\u2019den de iden ki\u015fi say\u0131s\u0131 bir hayli artmaya ba\u015flam\u0131\u015ft\u0131r. Danimarka; \u0130skandinav \u00fclkelerinin en g\u00fcneyindeki en k\u00fc\u00e7\u00fck \u00fclkedir. G\u00fcneybat\u0131s\u0131nda \u0130sve\u00e7, G\u00fcneyde ise Norve\u00e7 ve Almanya ile kom\u015fudur. Bu \u00fclkelerle geli\u015fmi\u015f bir karayolu ba\u011flant\u0131s\u0131 a\u011f\u0131 vard\u0131r. Ayr\u0131ca sosyal olarak da insana de\u011fer veren ve demokrasinin geli\u015fmi\u015f oldu\u011fu bir \u00fclkedir. \u00dclkenin ba\u015fkenti Kophenhag adl\u0131 \u015fehirdir. Ayr\u0131ca bu \u00fclkede Danimarka Teknik \u00dcniversitesi ve Aalborg \u00dcniversitesi gibi yerler \u00fclkemizden \u00f6\u011frenci kabul eden e\u011fitim kurumlar\u0131d\u0131r.<\/p>\n<p><img decoding=\"async\" class=\"img-fluid my-3\" title=\"danimarkada ya\u015fam\" src=\"http:\/\/eski.interlojistik.com.tr\/view\/img\/hizmet-bolge\/denmark-03.jpg\" alt=\"danimarkada ya\u015fam\" \/><span><\/span><\/p>\n<div class=\"my-3\"><\/div>\n<div class=\"mt-3\"><\/div>\n<div class=\"row my-3 d-flex\">\n<div class=\"col-sm-12\">\n<h2 class=\"fw-bold\">Danimarka Hakk\u0131nda \u0130lgin\u00e7 Ger\u00e7ekler<\/h2>\n<p>Ba\u015fkentte bisiklet say\u0131s\u0131 insan say\u0131s\u0131ndan daha \u00e7oktur.<br \/>\n\u00dclkede yabanc\u0131 bayrak yakmak yasald\u0131r ama Danimarka bayra\u011f\u0131 yakmak ceza sebebidir.<br \/>\nYolsuzluk Alg\u0131lama Endeksi kapsam\u0131nda d\u00fcnyan\u0131n en az yozla\u015fm\u0131\u015f \u00fclkesidir.<br \/>\nYenido\u011fan bebe\u011finin ad\u0131 konusunda kat\u0131 resmi kurallar vard\u0131r.<br \/>\nD\u00fcnyada en uzun s\u00fcre bayra\u011f\u0131n\u0131 kullanan \u00fclkedir. Bayraklar\u0131 1219 y\u0131l\u0131nda tasarlanm\u0131\u015ft\u0131r.<br \/>\nABD d\u0131\u015f\u0131nda en b\u00fcy\u00fck 4 Temmuz kutlamas\u0131na ev sahipli\u011fi yapar.<br \/>\nM\u00d6 12500 y\u0131llar\u0131ndan beri yerle\u015fim vard\u0131r.<br \/>\n\u0130kinci D\u00fcnya Sava\u015f\u0131 s\u0131ras\u0131nda Danimarkal\u0131 Yahudilerin tamam\u0131 soyk\u0131r\u0131mdan kurtulmu\u015ftur.<br \/>\nKanada ile uzun y\u0131llard\u0131r alkol b\u0131rakarak ve bayrak de\u011fi\u015ftirerek \u0131ss\u0131z bir ada i\u00e7in sava\u015fmaktad\u0131r.<\/p>\n<\/div>\n<\/div>\n","protected":false},"excerpt":{"rendered":"<p>Danimarka\u2019ya Ta\u015f\u0131nmak Danimarka, Kuzey Avrupa\u2019da bulunan bir \u0130skandinav \u00fclkesidir. Ancak bu \u00fclkeler aras\u0131nda en k\u00fc\u00e7\u00fck olan\u0131d\u0131r. Danimarka\u2019ya ta\u015f\u0131nmak konusunda bir fikriniz varsa bu a\u015famada her an \u0130nter Nakliyat deste\u011fi ile hayallerinizi ger\u00e7ekle\u015ftirebilirsiniz. Firmam\u0131z 20 y\u0131l\u0131n \u00fczerinde bir s\u00fcredir verdi\u011fi nakliye hizmetiyle sizlere Danimarka i\u00e7inde istedi\u011finiz her b\u00f6lgeye ula\u015ft\u0131rmaktad\u0131r. Yurtd\u0131\u015f\u0131nda bir \u00fclkeye ta\u015f\u0131nmak, yurti\u00e7i s\u00fcre\u00e7lerden daha [&hellip;]<\/p>\n","protected":false},"author":1,"featured_media":0,"parent":0,"menu_order":0,"comment_status":"closed","ping_status":"closed","template":"","meta":{"footnotes":""},"class_list":["post-6727","page","type-page","status-publish","hentry"],"_links":{"self":[{"href":"https:\/\/interlojistik.com.tr\/en\/wp-json\/wp\/v2\/pages\/6727","targetHints":{"allow":["GET"]}}],"collection":[{"href":"https:\/\/interlojistik.com.tr\/en\/wp-json\/wp\/v2\/pages"}],"about":[{"href":"https:\/\/interlojistik.com.tr\/en\/wp-json\/wp\/v2\/types\/page"}],"author":[{"embeddable":true,"href":"https:\/\/interlojistik.com.tr\/en\/wp-json\/wp\/v2\/users\/1"}],"replies":[{"embeddable":true,"href":"https:\/\/interlojistik.com.tr\/en\/wp-json\/wp\/v2\/comments?post=6727"}],"version-history":[{"count":1,"href":"https:\/\/interlojistik.com.tr\/en\/wp-json\/wp\/v2\/pages\/6727\/revisions"}],"predecessor-version":[{"id":6728,"href":"https:\/\/interlojistik.com.tr\/en\/wp-json\/wp\/v2\/pages\/6727\/revisions\/6728"}],"wp:attachment":[{"href":"https:\/\/interlojistik.com.tr\/en\/wp-json\/wp\/v2\/media?parent=6727"}],"curies":[{"name":"wp","href":"https:\/\/api.w.org\/{rel}","templated":true}]}}